{"version":"1.0","provider_name":"Ansamblul Agora Cisn\u0103dioara","provider_url":"https:\/\/agoracisnadioara.ro\/de","author_name":"Diana","author_url":"https:\/\/agoracisnadioara.ro\/de\/author\/diana\/","title":"Col\u021bul de Cultur\u0103 Cisn\u0103dioara - Ansamblul Agora Cisn\u0103dioara","type":"rich","width":600,"height":338,"html":"<blockquote class=\"wp-embedded-content\" data-secret=\"FjwvhMJfMu\"><a href=\"https:\/\/agoracisnadioara.ro\/de\/cultural\/coltul-de-cultura\/\">Kulturecke Michelsberg<\/a><\/blockquote><iframe sandbox=\"allow-scripts\" security=\"restricted\" src=\"https:\/\/agoracisnadioara.ro\/de\/cultural\/coltul-de-cultura\/embed\/#?secret=FjwvhMJfMu\" width=\"600\" height=\"338\" title=\"&#8222;Col\u021bul de Cultur\u0103 Cisn\u0103dioara&#8220; &#8211; Ansamblul Agora Cisn\u0103dioara\" data-secret=\"FjwvhMJfMu\" frameborder=\"0\" marginwidth=\"0\" marginheight=\"0\" scrolling=\"no\" class=\"wp-embedded-content\"><\/iframe><script>\n\/*! This file is auto-generated *\/\n!function(d,l){\"use strict\";l.querySelector&&d.addEventListener&&\"undefined\"!=typeof URL&&(d.wp=d.wp||{},d.wp.receiveEmbedMessage||(d.wp.receiveEmbedMessage=function(e){var t=e.data;if((t||t.secret||t.message||t.value)&&!\/[^a-zA-Z0-9]\/.test(t.secret)){for(var s,r,n,a=l.querySelectorAll('iframe[data-secret=\"'+t.secret+'\"]'),o=l.querySelectorAll('blockquote[data-secret=\"'+t.secret+'\"]'),c=new RegExp(\"^https?:$\",\"i\"),i=0;i<o.length;i++)o[i].style.display=\"none\";for(i=0;i<a.length;i++)s=a[i],e.source===s.contentWindow&&(s.removeAttribute(\"style\"),\"height\"===t.message?(1e3<(r=parseInt(t.value,10))?r=1e3:~~r<200&&(r=200),s.height=r):\"link\"===t.message&&(r=new URL(s.getAttribute(\"src\")),n=new URL(t.value),c.test(n.protocol))&&n.host===r.host&&l.activeElement===s&&(d.top.location.href=t.value))}},d.addEventListener(\"message\",d.wp.receiveEmbedMessage,!1),l.addEventListener(\"DOMContentLoaded\",function(){for(var e,t,s=l.querySelectorAll(\"iframe.wp-embedded-content\"),r=0;r<s.length;r++)(t=(e=s[r]).getAttribute(\"data-secret\"))||(t=Math.random().toString(36).substring(2,12),e.src+=\"#?secret=\"+t,e.setAttribute(\"data-secret\",t)),e.contentWindow.postMessage({message:\"ready\",secret:t},\"*\")},!1)))}(window,document);\n\/\/# sourceURL=https:\/\/agoracisnadioara.ro\/wp-includes\/js\/wp-embed.min.js\n<\/script>","description":"Col\u021bul de Cultur\u0103 Cisn\u0103dioara Inspirat din istoria \u0219i vechimea locurilor, Col\u021bul de cultur\u0103 Cisn\u0103dioara interogheaz\u0103 prezentul. Spa\u021biul de reflec\u021bie Colt\u0326ul de Cultura\u0306 Cisna\u0306dioara propune spre reflect\u0326ie opera s\u0326i viat\u0326a unor teologi, scriitori sau artis\u0326ti, cu o contribut\u0326ie formativa\u0306 except\u0326ionala\u0306 i\u0302n viet\u0326ile oamenilor de pretutindeni. Anul 2026 este consacrat scriitorului evreu Elie Wiesel, laureat al Premiului [&hellip;]","thumbnail_url":"https:\/\/agoracisnadioara.ro\/wp-content\/uploads\/2025\/11\/IMG_7395-scaled-e1762025121398.jpg","thumbnail_width":1920,"thumbnail_height":2342}