{"id":1510,"date":"2024-10-08T16:40:17","date_gmt":"2024-10-08T14:40:17","guid":{"rendered":"https:\/\/agoracisnadioara.ro\/?page_id=1510"},"modified":"2025-11-06T11:47:27","modified_gmt":"2025-11-06T09:47:27","slug":"mentori","status":"publish","type":"page","link":"https:\/\/agoracisnadioara.ro\/de\/argument\/mentori\/","title":{"rendered":"Mentoren"},"content":{"rendered":"<div data-elementor-type=\"wp-page\" data-elementor-id=\"1510\" class=\"elementor elementor-1510\" data-elementor-post-type=\"page\">\n\t\t\t\t<div class=\"elementor-element elementor-element-5e21962d e-flex e-con-boxed e-con e-parent\" data-id=\"5e21962d\" data-element_type=\"container\" data-settings=\"{&quot;background_background&quot;:&quot;classic&quot;}\">\n\t\t\t\t\t<div class=\"e-con-inner\">\n\t\t<div class=\"elementor-element elementor-element-2302ed10 e-con-full e-flex e-con e-child\" data-id=\"2302ed10\" data-element_type=\"container\">\n\t\t\t\t<div class=\"elementor-element elementor-element-46c20996 elementor-widget elementor-widget-heading\" data-id=\"46c20996\" data-element_type=\"widget\" data-widget_type=\"heading.default\">\n\t\t\t\t<div class=\"elementor-widget-container\">\n\t\t\t\t\t<h1 class=\"elementor-heading-title elementor-size-default\">Mentoren<\/h1>\t\t\t\t<\/div>\n\t\t\t\t<\/div>\n\t\t\t\t<\/div>\n\t\t\t\t\t<\/div>\n\t\t\t\t<\/div>\n\t\t<div class=\"elementor-element elementor-element-a2ffba1 e-flex e-con-boxed e-con e-parent\" data-id=\"a2ffba1\" data-element_type=\"container\">\n\t\t\t\t\t<div class=\"e-con-inner\">\n\t\t<div class=\"elementor-element elementor-element-6bafa66 e-con-full e-flex e-con e-child\" data-id=\"6bafa66\" data-element_type=\"container\">\n\t\t<div class=\"elementor-element elementor-element-906a16b e-con-full e-flex e-con e-child\" data-id=\"906a16b\" data-element_type=\"container\" data-settings=\"{&quot;background_background&quot;:&quot;classic&quot;}\">\n\t\t<div class=\"elementor-element elementor-element-8d385bc e-con-full e-flex e-con e-child\" data-id=\"8d385bc\" data-element_type=\"container\" data-settings=\"{&quot;background_background&quot;:&quot;classic&quot;}\">\n\t\t\t\t<div class=\"elementor-element elementor-element-ec28fd1 elementor-widget elementor-widget-heading\" data-id=\"ec28fd1\" data-element_type=\"widget\" data-widget_type=\"heading.default\">\n\t\t\t\t<div class=\"elementor-widget-container\">\n\t\t\t\t\t<h2 class=\"elementor-heading-title elementor-size-default\"><span>&nbsp; &nbsp;<\/span><b>Chiara Lubich (1920-2008)<\/b>\"Du kannst die Nation des anderen lieben wie deine eigene.\"<\/h2>\t\t\t\t<\/div>\n\t\t\t\t<\/div>\n\t\t\t\t<div class=\"elementor-element elementor-element-c19680c elementor-widget elementor-widget-image\" data-id=\"c19680c\" data-element_type=\"widget\" data-widget_type=\"image.default\">\n\t\t\t\t<div class=\"elementor-widget-container\">\n\t\t\t\t\t\t\t\t\t\t\t\t\t\t\t<img fetchpriority=\"high\" decoding=\"async\" width=\"600\" height=\"390\" src=\"https:\/\/agoracisnadioara.ro\/wp-content\/uploads\/2024\/10\/Chiara-Lubich.jpg\" class=\"attachment-full size-full wp-image-1485\" alt=\"\" srcset=\"https:\/\/agoracisnadioara.ro\/wp-content\/uploads\/2024\/10\/Chiara-Lubich.jpg 600w, https:\/\/agoracisnadioara.ro\/wp-content\/uploads\/2024\/10\/Chiara-Lubich-300x195.jpg 300w\" sizes=\"(max-width: 600px) 100vw, 600px\" \/>\t\t\t\t\t\t\t\t\t\t\t\t\t\t\t<\/div>\n\t\t\t\t<\/div>\n\t\t\t\t<div class=\"elementor-element elementor-element-caf4943 elementor-widget__width-initial elementor-widget elementor-widget-heading\" data-id=\"caf4943\" data-element_type=\"widget\" data-widget_type=\"heading.default\">\n\t\t\t\t<div class=\"elementor-widget-container\">\n\t\t\t\t\t<p class=\"elementor-heading-title elementor-size-medium\"><b>Chiara Lubich<\/b> (1920-2008) Eine der einflussreichsten Frauen der r\u00f6misch-katholischen Kirche, wie sie in einem Artikel der <b>New York Times<\/b>, im Jahr 2008 beschrieben wurde. Als Gr\u00fcnderin der internationalen Fokolar-Bewegung mit Niederlassungen in \u00fcber 100 L\u00e4ndern auf allen Kontinenten, f\u00f6rderte sie die Spiritualit\u00e4t und das christliche Leben mitten im Alltag.<\/p>\t\t\t\t<\/div>\n\t\t\t\t<\/div>\n\t\t\t\t<\/div>\n\t\t\t\t<\/div>\n\t\t\t\t<\/div>\n\t\t\t\t\t<\/div>\n\t\t\t\t<\/div>\n\t\t<div class=\"elementor-element elementor-element-f89fe06 e-flex e-con-boxed e-con e-parent\" data-id=\"f89fe06\" data-element_type=\"container\">\n\t\t\t\t\t<div class=\"e-con-inner\">\n\t\t<div class=\"elementor-element elementor-element-e1e688a e-con-full e-flex e-con e-child\" data-id=\"e1e688a\" data-element_type=\"container\">\n\t\t<div class=\"elementor-element elementor-element-5364de9 e-con-full e-flex e-con e-child\" data-id=\"5364de9\" data-element_type=\"container\" data-settings=\"{&quot;background_background&quot;:&quot;classic&quot;}\">\n\t\t<div class=\"elementor-element elementor-element-af8bc23 e-con-full e-flex e-con e-child\" data-id=\"af8bc23\" data-element_type=\"container\" data-settings=\"{&quot;background_background&quot;:&quot;classic&quot;}\">\n\t\t\t\t<div class=\"elementor-element elementor-element-2a7911a elementor-widget elementor-widget-heading\" data-id=\"2a7911a\" data-element_type=\"widget\" data-widget_type=\"heading.default\">\n\t\t\t\t<div class=\"elementor-widget-container\">\n\t\t\t\t\t<h2 class=\"elementor-heading-title elementor-size-default\"><b>Dr. Gustav Tobler (1922-2019)<\/b><\/h2>\t\t\t\t<\/div>\n\t\t\t\t<\/div>\n\t\t\t\t<div class=\"elementor-element elementor-element-b470d46 elementor-widget elementor-widget-image\" data-id=\"b470d46\" data-element_type=\"widget\" data-widget_type=\"image.default\">\n\t\t\t\t<div class=\"elementor-widget-container\">\n\t\t\t\t\t\t\t\t\t\t\t\t\t\t\t<img decoding=\"async\" width=\"848\" height=\"810\" src=\"https:\/\/agoracisnadioara.ro\/wp-content\/uploads\/2024\/10\/Gustav-Tobler.png\" class=\"attachment-full size-full wp-image-1484\" alt=\"\" srcset=\"https:\/\/agoracisnadioara.ro\/wp-content\/uploads\/2024\/10\/Gustav-Tobler.png 848w, https:\/\/agoracisnadioara.ro\/wp-content\/uploads\/2024\/10\/Gustav-Tobler-300x287.png 300w, https:\/\/agoracisnadioara.ro\/wp-content\/uploads\/2024\/10\/Gustav-Tobler-768x734.png 768w\" sizes=\"(max-width: 848px) 100vw, 848px\" \/>\t\t\t\t\t\t\t\t\t\t\t\t\t\t\t<\/div>\n\t\t\t\t<\/div>\n\t\t\t\t<div class=\"elementor-element elementor-element-79b95fc elementor-widget__width-initial elementor-widget elementor-widget-heading\" data-id=\"79b95fc\" data-element_type=\"widget\" data-widget_type=\"heading.default\">\n\t\t\t\t<div class=\"elementor-widget-container\">\n\t\t\t\t\t<p class=\"elementor-heading-title elementor-size-medium\"><b>Dr. Gustav Tobler<\/b>  (1922\u20132019), ein Schweizer Banquier der alten Generation, stammte aus einer angesehenen Familie und stellte Hingabe und Gro\u00dfz\u00fcgigkeit in den Mittelpunkt seines Lebens. Sein geistiges und materielles Erbe finden wir im Agora-Ensemble wieder. Er ist der Vater des Gr\u00fcnders Stefan Tobler.\n<\/p>\t\t\t\t<\/div>\n\t\t\t\t<\/div>\n\t\t\t\t<\/div>\n\t\t\t\t<\/div>\n\t\t\t\t<\/div>\n\t\t\t\t\t<\/div>\n\t\t\t\t<\/div>\n\t\t<div class=\"elementor-element elementor-element-85017da e-flex e-con-boxed e-con e-parent\" data-id=\"85017da\" data-element_type=\"container\">\n\t\t\t\t\t<div class=\"e-con-inner\">\n\t\t<div class=\"elementor-element elementor-element-9754437 e-con-full e-flex e-con e-child\" data-id=\"9754437\" data-element_type=\"container\">\n\t\t<div class=\"elementor-element elementor-element-9ed3991 e-con-full e-flex e-con e-child\" data-id=\"9ed3991\" data-element_type=\"container\" data-settings=\"{&quot;background_background&quot;:&quot;classic&quot;}\">\n\t\t<div class=\"elementor-element elementor-element-09ebf80 e-con-full e-flex e-con e-child\" data-id=\"09ebf80\" data-element_type=\"container\" data-settings=\"{&quot;background_background&quot;:&quot;classic&quot;}\">\n\t\t\t\t<div class=\"elementor-element elementor-element-84427c2 elementor-widget elementor-widget-heading\" data-id=\"84427c2\" data-element_type=\"widget\" data-widget_type=\"heading.default\">\n\t\t\t\t<div class=\"elementor-widget-container\">\n\t\t\t\t\t<h2 class=\"elementor-heading-title elementor-size-default\"><b>Horia-Roman Patapievici<\/b>, christlicher Ideenphilosoph<\/h2>\t\t\t\t<\/div>\n\t\t\t\t<\/div>\n\t\t\t\t<div class=\"elementor-element elementor-element-4a72498 elementor-widget elementor-widget-image\" data-id=\"4a72498\" data-element_type=\"widget\" data-widget_type=\"image.default\">\n\t\t\t\t<div class=\"elementor-widget-container\">\n\t\t\t\t\t\t\t\t\t\t\t\t\t\t\t<img decoding=\"async\" width=\"720\" height=\"480\" src=\"https:\/\/agoracisnadioara.ro\/wp-content\/uploads\/2025\/11\/Horia-Roman-Patapievici.jpg\" class=\"attachment-medium_large size-medium_large wp-image-2987\" alt=\"\" srcset=\"https:\/\/agoracisnadioara.ro\/wp-content\/uploads\/2025\/11\/Horia-Roman-Patapievici.jpg 720w, https:\/\/agoracisnadioara.ro\/wp-content\/uploads\/2025\/11\/Horia-Roman-Patapievici-300x200.jpg 300w\" sizes=\"(max-width: 720px) 100vw, 720px\" \/>\t\t\t\t\t\t\t\t\t\t\t\t\t\t\t<\/div>\n\t\t\t\t<\/div>\n\t\t\t\t<div class=\"elementor-element elementor-element-876d2e9 elementor-widget__width-initial elementor-widget elementor-widget-heading\" data-id=\"876d2e9\" data-element_type=\"widget\" data-widget_type=\"heading.default\">\n\t\t\t\t<div class=\"elementor-widget-container\">\n\t\t\t\t\t<p class=\"elementor-heading-title elementor-size-medium\">H. R. Patapievici hat das Denken zu einer Kunstform erhoben. Sein Werk: <b>\u201eDe ce nu avem o pia\u021b\u0103 a ideilor\u201d (Warum haben wir keinen Ideenmarkt?)<\/b>das die Gr\u00fcndung des Agora-Ensembles inspirierte, ist ein Pl\u00e4doyer f\u00fcr die Freiheit zur Kreativit\u00e4t, f\u00fcr den Mut, anders zu denken und Ideen in lebendige Ausdrucksformen zu verwandeln. Somit entstand auch das Agora-Ensemble, aus <b>einer Serie von Ideen<\/b>.\n<\/p>\t\t\t\t<\/div>\n\t\t\t\t<\/div>\n\t\t\t\t<\/div>\n\t\t\t\t<\/div>\n\t\t\t\t<\/div>\n\t\t\t\t\t<\/div>\n\t\t\t\t<\/div>\n\t\t\t\t<\/div>","protected":false},"excerpt":{"rendered":"<p>Mentori &nbsp; &nbsp;Chiara Lubich (1920-2008): \u201dPo\u021bi s\u0103 iube\u0219ti na\u021biunea celuilalt, ca pe propria ta na\u021biune\u201d Chiara Lubich (1920 \u2013 2008) Una dintre cele mai influente femei din Biserica Romano-Catolic\u0103, cum a fost descris\u0103 \u00eentr-un articol din New York Times, \u00een anul 2008. Fondatoare a Mi\u0219c\u0103rii Interna\u021bionale a Focolarelor, cu filiale \u00een peste 100 de \u021b\u0103ri [&hellip;]<\/p>","protected":false},"author":1,"featured_media":0,"parent":31,"menu_order":0,"comment_status":"closed","ping_status":"closed","template":"","meta":{"_uag_custom_page_level_css":"","site-sidebar-layout":"no-sidebar","site-content-layout":"page-builder","ast-site-content-layout":"default","site-content-style":"default","site-sidebar-style":"default","ast-global-header-display":"","ast-banner-title-visibility":"","ast-main-header-display":"","ast-hfb-above-header-display":"","ast-hfb-below-header-display":"","ast-hfb-mobile-header-display":"","site-post-title":"disabled","ast-breadcrumbs-content":"","ast-featured-img":"","footer-sml-layout":"","theme-transparent-header-meta":"default","adv-header-id-meta":"","stick-header-meta":"","header-above-stick-meta":"","header-main-stick-meta":"","header-below-stick-meta":"","astra-migrate-meta-layouts":"default","ast-page-background-enabled":"default","ast-page-background-meta":{"desktop":{"background-color":"var(--ast-global-color-4)","background-image":"","background-repeat":"repeat","background-position":"center center","background-size":"auto","background-attachment":"scroll","background-type":"","background-media":"","overlay-type":"","overlay-color":"","overlay-opacity":"","overlay-gradient":""},"tablet":{"background-color":"","background-image":"","background-repeat":"repeat","background-position":"center center","background-size":"auto","background-attachment":"scroll","background-type":"","background-media":"","overlay-type":"","overlay-color":"","overlay-opacity":"","overlay-gradient":""},"mobile":{"background-color":"","background-image":"","background-repeat":"repeat","background-position":"center center","background-size":"auto","background-attachment":"scroll","background-type":"","background-media":"","overlay-type":"","overlay-color":"","overlay-opacity":"","overlay-gradient":""}},"ast-content-background-meta":{"desktop":{"background-color":"var(--ast-global-color-5)","background-image":"","background-repeat":"repeat","background-position":"center center","background-size":"auto","background-attachment":"scroll","background-type":"","background-media":"","overlay-type":"","overlay-color":"","overlay-opacity":"","overlay-gradient":""},"tablet":{"background-color":"var(--ast-global-color-5)","background-image":"","background-repeat":"repeat","background-position":"center center","background-size":"auto","background-attachment":"scroll","background-type":"","background-media":"","overlay-type":"","overlay-color":"","overlay-opacity":"","overlay-gradient":""},"mobile":{"background-color":"var(--ast-global-color-5)","background-image":"","background-repeat":"repeat","background-position":"center center","background-size":"auto","background-attachment":"scroll","background-type":"","background-media":"","overlay-type":"","overlay-color":"","overlay-opacity":"","overlay-gradient":""}},"footnotes":""},"class_list":["post-1510","page","type-page","status-publish","hentry"],"yoast_head":"<!-- This site is optimized with the Yoast SEO plugin v27.0 - https:\/\/yoast.com\/product\/yoast-seo-wordpress\/ -->\n<title>Mentori - Ansamblul Agora Cisn\u0103dioara<\/title>\n<meta name=\"robots\" content=\"index, follow, max-snippet:-1, max-image-preview:large, max-video-preview:-1\" \/>\n<link rel=\"canonical\" href=\"https:\/\/agoracisnadioara.ro\/de\/argument\/mentori\/\" \/>\n<meta property=\"og:locale\" content=\"de_DE\" \/>\n<meta property=\"og:type\" content=\"article\" \/>\n<meta property=\"og:title\" content=\"Mentori - Ansamblul Agora Cisn\u0103dioara\" \/>\n<meta property=\"og:description\" content=\"Mentori &nbsp; &nbsp;Chiara Lubich (1920-2008): \u201dPo\u021bi s\u0103 iube\u0219ti na\u021biunea celuilalt, ca pe propria ta na\u021biune\u201d Chiara Lubich (1920 \u2013 2008) Una dintre cele mai influente femei din Biserica Romano-Catolic\u0103, cum a fost descris\u0103 \u00eentr-un articol din New York Times, \u00een anul 2008. Fondatoare a Mi\u0219c\u0103rii Interna\u021bionale a Focolarelor, cu filiale \u00een peste 100 de \u021b\u0103ri [&hellip;]\" \/>\n<meta property=\"og:url\" content=\"https:\/\/agoracisnadioara.ro\/de\/argument\/mentori\/\" \/>\n<meta property=\"og:site_name\" content=\"Ansamblul Agora Cisn\u0103dioara\" \/>\n<meta property=\"article:publisher\" content=\"https:\/\/www.facebook.com\/AgoraCisnadioara\/\" \/>\n<meta property=\"article:modified_time\" content=\"2025-11-06T09:47:27+00:00\" \/>\n<meta property=\"og:image\" content=\"https:\/\/agoracisnadioara.ro\/wp-content\/uploads\/2024\/10\/Chiara-Lubich.jpg\" \/>\n\t<meta property=\"og:image:width\" content=\"600\" \/>\n\t<meta property=\"og:image:height\" content=\"390\" \/>\n\t<meta property=\"og:image:type\" content=\"image\/jpeg\" \/>\n<meta name=\"twitter:card\" content=\"summary_large_image\" \/>\n<meta name=\"twitter:label1\" content=\"Gesch\u00e4tzte Lesezeit\" \/>\n\t<meta name=\"twitter:data1\" content=\"1\u00a0Minute\" \/>\n<script type=\"application\/ld+json\" class=\"yoast-schema-graph\">{\"@context\":\"https:\/\/schema.org\",\"@graph\":[{\"@type\":\"WebPage\",\"@id\":\"https:\/\/agoracisnadioara.ro\/argument\/mentori\/\",\"url\":\"https:\/\/agoracisnadioara.ro\/argument\/mentori\/\",\"name\":\"Mentori - Ansamblul Agora Cisn\u0103dioara\",\"isPartOf\":{\"@id\":\"https:\/\/agoracisnadioara.ro\/#website\"},\"primaryImageOfPage\":{\"@id\":\"https:\/\/agoracisnadioara.ro\/argument\/mentori\/#primaryimage\"},\"image\":{\"@id\":\"https:\/\/agoracisnadioara.ro\/argument\/mentori\/#primaryimage\"},\"thumbnailUrl\":\"https:\/\/agoracisnadioara.ro\/wp-content\/uploads\/2024\/10\/Chiara-Lubich.jpg\",\"datePublished\":\"2024-10-08T14:40:17+00:00\",\"dateModified\":\"2025-11-06T09:47:27+00:00\",\"breadcrumb\":{\"@id\":\"https:\/\/agoracisnadioara.ro\/argument\/mentori\/#breadcrumb\"},\"inLanguage\":\"de\",\"potentialAction\":[{\"@type\":\"ReadAction\",\"target\":[\"https:\/\/agoracisnadioara.ro\/argument\/mentori\/\"]}]},{\"@type\":\"ImageObject\",\"inLanguage\":\"de\",\"@id\":\"https:\/\/agoracisnadioara.ro\/argument\/mentori\/#primaryimage\",\"url\":\"https:\/\/agoracisnadioara.ro\/wp-content\/uploads\/2024\/10\/Chiara-Lubich.jpg\",\"contentUrl\":\"https:\/\/agoracisnadioara.ro\/wp-content\/uploads\/2024\/10\/Chiara-Lubich.jpg\"},{\"@type\":\"BreadcrumbList\",\"@id\":\"https:\/\/agoracisnadioara.ro\/argument\/mentori\/#breadcrumb\",\"itemListElement\":[{\"@type\":\"ListItem\",\"position\":1,\"name\":\"Prima pagin\u0103\",\"item\":\"https:\/\/agoracisnadioara.ro\/\"},{\"@type\":\"ListItem\",\"position\":2,\"name\":\"Interludii\",\"item\":\"https:\/\/agoracisnadioara.ro\/argument\/\"},{\"@type\":\"ListItem\",\"position\":3,\"name\":\"Mentori\"}]},{\"@type\":\"WebSite\",\"@id\":\"https:\/\/agoracisnadioara.ro\/#website\",\"url\":\"https:\/\/agoracisnadioara.ro\/\",\"name\":\"Ansamblul Agora Cisn\u0103dioara\",\"description\":\"Oriunde mergi, g\u0103se\u0219ti BINELE!\",\"publisher\":{\"@id\":\"https:\/\/agoracisnadioara.ro\/#organization\"},\"potentialAction\":[{\"@type\":\"SearchAction\",\"target\":{\"@type\":\"EntryPoint\",\"urlTemplate\":\"https:\/\/agoracisnadioara.ro\/?s={search_term_string}\"},\"query-input\":{\"@type\":\"PropertyValueSpecification\",\"valueRequired\":true,\"valueName\":\"search_term_string\"}}],\"inLanguage\":\"de\"},{\"@type\":\"Organization\",\"@id\":\"https:\/\/agoracisnadioara.ro\/#organization\",\"name\":\"Ansamblul Agora Cisn\u0103dioara\",\"url\":\"https:\/\/agoracisnadioara.ro\/\",\"logo\":{\"@type\":\"ImageObject\",\"inLanguage\":\"de\",\"@id\":\"https:\/\/agoracisnadioara.ro\/#\/schema\/logo\/image\/\",\"url\":\"https:\/\/agoracisnadioara.ro\/wp-content\/uploads\/2023\/11\/color-extra.png\",\"contentUrl\":\"https:\/\/agoracisnadioara.ro\/wp-content\/uploads\/2023\/11\/color-extra.png\",\"width\":135,\"height\":171,\"caption\":\"Ansamblul Agora Cisn\u0103dioara\"},\"image\":{\"@id\":\"https:\/\/agoracisnadioara.ro\/#\/schema\/logo\/image\/\"},\"sameAs\":[\"https:\/\/www.facebook.com\/AgoraCisnadioara\/\"]}]}<\/script>\n<!-- \/ Yoast SEO plugin. -->","yoast_head_json":{"title":"Mentori - Ansamblul Agora Cisn\u0103dioara","robots":{"index":"index","follow":"follow","max-snippet":"max-snippet:-1","max-image-preview":"max-image-preview:large","max-video-preview":"max-video-preview:-1"},"canonical":"https:\/\/agoracisnadioara.ro\/de\/argument\/mentori\/","og_locale":"de_DE","og_type":"article","og_title":"Mentori - Ansamblul Agora Cisn\u0103dioara","og_description":"Mentori &nbsp; &nbsp;Chiara Lubich (1920-2008): \u201dPo\u021bi s\u0103 iube\u0219ti na\u021biunea celuilalt, ca pe propria ta na\u021biune\u201d Chiara Lubich (1920 \u2013 2008) Una dintre cele mai influente femei din Biserica Romano-Catolic\u0103, cum a fost descris\u0103 \u00eentr-un articol din New York Times, \u00een anul 2008. Fondatoare a Mi\u0219c\u0103rii Interna\u021bionale a Focolarelor, cu filiale \u00een peste 100 de \u021b\u0103ri [&hellip;]","og_url":"https:\/\/agoracisnadioara.ro\/de\/argument\/mentori\/","og_site_name":"Ansamblul Agora Cisn\u0103dioara","article_publisher":"https:\/\/www.facebook.com\/AgoraCisnadioara\/","article_modified_time":"2025-11-06T09:47:27+00:00","og_image":[{"width":600,"height":390,"url":"https:\/\/agoracisnadioara.ro\/wp-content\/uploads\/2024\/10\/Chiara-Lubich.jpg","type":"image\/jpeg"}],"twitter_card":"summary_large_image","twitter_misc":{"Gesch\u00e4tzte Lesezeit":"1\u00a0Minute"},"schema":{"@context":"https:\/\/schema.org","@graph":[{"@type":"WebPage","@id":"https:\/\/agoracisnadioara.ro\/argument\/mentori\/","url":"https:\/\/agoracisnadioara.ro\/argument\/mentori\/","name":"Mentori - Ansamblul Agora Cisn\u0103dioara","isPartOf":{"@id":"https:\/\/agoracisnadioara.ro\/#website"},"primaryImageOfPage":{"@id":"https:\/\/agoracisnadioara.ro\/argument\/mentori\/#primaryimage"},"image":{"@id":"https:\/\/agoracisnadioara.ro\/argument\/mentori\/#primaryimage"},"thumbnailUrl":"https:\/\/agoracisnadioara.ro\/wp-content\/uploads\/2024\/10\/Chiara-Lubich.jpg","datePublished":"2024-10-08T14:40:17+00:00","dateModified":"2025-11-06T09:47:27+00:00","breadcrumb":{"@id":"https:\/\/agoracisnadioara.ro\/argument\/mentori\/#breadcrumb"},"inLanguage":"de","potentialAction":[{"@type":"ReadAction","target":["https:\/\/agoracisnadioara.ro\/argument\/mentori\/"]}]},{"@type":"ImageObject","inLanguage":"de","@id":"https:\/\/agoracisnadioara.ro\/argument\/mentori\/#primaryimage","url":"https:\/\/agoracisnadioara.ro\/wp-content\/uploads\/2024\/10\/Chiara-Lubich.jpg","contentUrl":"https:\/\/agoracisnadioara.ro\/wp-content\/uploads\/2024\/10\/Chiara-Lubich.jpg"},{"@type":"BreadcrumbList","@id":"https:\/\/agoracisnadioara.ro\/argument\/mentori\/#breadcrumb","itemListElement":[{"@type":"ListItem","position":1,"name":"Prima pagin\u0103","item":"https:\/\/agoracisnadioara.ro\/"},{"@type":"ListItem","position":2,"name":"Interludii","item":"https:\/\/agoracisnadioara.ro\/argument\/"},{"@type":"ListItem","position":3,"name":"Mentori"}]},{"@type":"WebSite","@id":"https:\/\/agoracisnadioara.ro\/#website","url":"https:\/\/agoracisnadioara.ro\/","name":"Ansamblul Agora Cisn\u0103dioara","description":"Oriunde mergi, g\u0103se\u0219ti BINELE!","publisher":{"@id":"https:\/\/agoracisnadioara.ro\/#organization"},"potentialAction":[{"@type":"SearchAction","target":{"@type":"EntryPoint","urlTemplate":"https:\/\/agoracisnadioara.ro\/?s={search_term_string}"},"query-input":{"@type":"PropertyValueSpecification","valueRequired":true,"valueName":"search_term_string"}}],"inLanguage":"de"},{"@type":"Organization","@id":"https:\/\/agoracisnadioara.ro\/#organization","name":"Ansamblul Agora Cisn\u0103dioara","url":"https:\/\/agoracisnadioara.ro\/","logo":{"@type":"ImageObject","inLanguage":"de","@id":"https:\/\/agoracisnadioara.ro\/#\/schema\/logo\/image\/","url":"https:\/\/agoracisnadioara.ro\/wp-content\/uploads\/2023\/11\/color-extra.png","contentUrl":"https:\/\/agoracisnadioara.ro\/wp-content\/uploads\/2023\/11\/color-extra.png","width":135,"height":171,"caption":"Ansamblul Agora Cisn\u0103dioara"},"image":{"@id":"https:\/\/agoracisnadioara.ro\/#\/schema\/logo\/image\/"},"sameAs":["https:\/\/www.facebook.com\/AgoraCisnadioara\/"]}]}},"uagb_featured_image_src":{"full":false,"thumbnail":false,"medium":false,"medium_large":false,"large":false,"1536x1536":false,"2048x2048":false,"trp-custom-language-flag":false},"uagb_author_info":{"display_name":"Diana","author_link":"https:\/\/agoracisnadioara.ro\/de\/author\/diana\/"},"uagb_comment_info":0,"uagb_excerpt":"Mentori &nbsp; &nbsp;Chiara Lubich (1920-2008): \u201dPo\u021bi s\u0103 iube\u0219ti na\u021biunea celuilalt, ca pe propria ta na\u021biune\u201d Chiara Lubich (1920 \u2013 2008) Una dintre cele mai influente femei din Biserica Romano-Catolic\u0103, cum a fost descris\u0103 \u00eentr-un articol din New York Times, \u00een anul 2008. Fondatoare a Mi\u0219c\u0103rii Interna\u021bionale a Focolarelor, cu filiale \u00een peste 100 de \u021b\u0103ri&hellip;","_links":{"self":[{"href":"https:\/\/agoracisnadioara.ro\/de\/wp-json\/wp\/v2\/pages\/1510","targetHints":{"allow":["GET"]}}],"collection":[{"href":"https:\/\/agoracisnadioara.ro\/de\/wp-json\/wp\/v2\/pages"}],"about":[{"href":"https:\/\/agoracisnadioara.ro\/de\/wp-json\/wp\/v2\/types\/page"}],"author":[{"embeddable":true,"href":"https:\/\/agoracisnadioara.ro\/de\/wp-json\/wp\/v2\/users\/1"}],"replies":[{"embeddable":true,"href":"https:\/\/agoracisnadioara.ro\/de\/wp-json\/wp\/v2\/comments?post=1510"}],"version-history":[{"count":89,"href":"https:\/\/agoracisnadioara.ro\/de\/wp-json\/wp\/v2\/pages\/1510\/revisions"}],"predecessor-version":[{"id":4158,"href":"https:\/\/agoracisnadioara.ro\/de\/wp-json\/wp\/v2\/pages\/1510\/revisions\/4158"}],"up":[{"embeddable":true,"href":"https:\/\/agoracisnadioara.ro\/de\/wp-json\/wp\/v2\/pages\/31"}],"wp:attachment":[{"href":"https:\/\/agoracisnadioara.ro\/de\/wp-json\/wp\/v2\/media?parent=1510"}],"curies":[{"name":"wp","href":"https:\/\/api.w.org\/{rel}","templated":true}]}}