{"id":2753,"date":"2025-10-27T17:57:23","date_gmt":"2025-10-27T15:57:23","guid":{"rendered":"https:\/\/agoracisnadioara.ro\/?page_id=2753"},"modified":"2025-11-02T17:07:39","modified_gmt":"2025-11-02T15:07:39","slug":"coltul-de-cultura","status":"publish","type":"page","link":"https:\/\/agoracisnadioara.ro\/de\/cultural\/coltul-de-cultura\/","title":{"rendered":"Kulturecke Michelsberg"},"content":{"rendered":"<div data-elementor-type=\"wp-page\" data-elementor-id=\"2753\" class=\"elementor elementor-2753\" data-elementor-post-type=\"page\">\n\t\t\t\t<div class=\"elementor-element elementor-element-632a7fa e-flex e-con-boxed e-con e-parent\" data-id=\"632a7fa\" data-element_type=\"container\" data-settings=\"{&quot;background_background&quot;:&quot;classic&quot;}\">\n\t\t\t\t\t<div class=\"e-con-inner\">\n\t\t<div class=\"elementor-element elementor-element-868c7c6 e-con-full e-flex e-con e-child\" data-id=\"868c7c6\" data-element_type=\"container\">\n\t\t\t\t<div class=\"elementor-element elementor-element-735da12 elementor-widget elementor-widget-heading\" data-id=\"735da12\" data-element_type=\"widget\" data-widget_type=\"heading.default\">\n\t\t\t\t<div class=\"elementor-widget-container\">\n\t\t\t\t\t<h1 class=\"elementor-heading-title elementor-size-default\">Kulturecke Michelsberg<\/h1>\t\t\t\t<\/div>\n\t\t\t\t<\/div>\n\t\t\t\t<\/div>\n\t\t\t\t\t<\/div>\n\t\t\t\t<\/div>\n\t\t<div class=\"elementor-element elementor-element-994c43f e-flex e-con-boxed e-con e-child\" data-id=\"994c43f\" data-element_type=\"container\">\n\t\t\t\t\t<div class=\"e-con-inner\">\n\t\t\t\t<div class=\"elementor-element elementor-element-d07b2bb elementor-widget elementor-widget-text-editor\" data-id=\"d07b2bb\" data-element_type=\"widget\" data-widget_type=\"text-editor.default\">\n\t\t\t\t<div class=\"elementor-widget-container\">\n\t\t\t\t\t\t\t\t\t<p><i>Inspiriert von der Geschichte und dem Alter der Orte, ist die Kulturecke Michelsberg ein Ort f\u00fcr Fragen an die Gegenwart.<\/i><\/p>\t\t\t\t\t\t\t\t<\/div>\n\t\t\t\t<\/div>\n\t\t\t\t\t<\/div>\n\t\t\t\t<\/div>\n\t\t<div class=\"elementor-element elementor-element-a7cfe3b e-flex e-con-boxed e-con e-parent\" data-id=\"a7cfe3b\" data-element_type=\"container\" data-settings=\"{&quot;background_background&quot;:&quot;classic&quot;}\">\n\t\t\t\t\t<div class=\"e-con-inner\">\n\t\t<div class=\"elementor-element elementor-element-a2a580a e-con-full e-flex e-con e-child\" data-id=\"a2a580a\" data-element_type=\"container\">\n\t\t\t\t<div class=\"elementor-element elementor-element-fb74471 elementor-widget elementor-widget-heading\" data-id=\"fb74471\" data-element_type=\"widget\" data-widget_type=\"heading.default\">\n\t\t\t\t<div class=\"elementor-widget-container\">\n\t\t\t\t\t<h2 class=\"elementor-heading-title elementor-size-default\">Raum f\u00fcr Reflexion <\/h2>\t\t\t\t<\/div>\n\t\t\t\t<\/div>\n\t\t\t\t<div class=\"elementor-element elementor-element-9d503ff elementor-widget elementor-widget-text-editor\" data-id=\"9d503ff\" data-element_type=\"widget\" data-widget_type=\"text-editor.default\">\n\t\t\t\t<div class=\"elementor-widget-container\">\n\t\t\t\t\t\t\t\t\t<div class=\"page\" title=\"Page 3\"><div class=\"section\"><div class=\"layoutArea\"><div class=\"column\"><p>Der Kulturecke Michelsberg l\u00e4dt dazu ein, \u00fcber das Werk und Leben von Theologen, Schriftstellern oder K\u00fcnstlern nachzudenken, die einen einzigartigen Beitrag zum Leben der Menschen \u00fcberall geleistet haben. Das Jahr 2026 ist dem j\u00fcdischen Schriftsteller Elie Wiesel gewidmet, der 1986 den Friedensnobelpreis erhielt. Elie Wiesel wurde in Sighet, Rum\u00e4nien, geboren und ist einer der \u00dcberlebenden des Holocaust. Als Autor von \u00fcber vierzig B\u00fcchern, Professor und Theologe beklagt er die Gleichg\u00fcltigkeit der Menschheit, die stillschweigend das Leiden \u00fcberall hinnimmt.<\/p><\/div><\/div><\/div><\/div>\t\t\t\t\t\t\t\t<\/div>\n\t\t\t\t<\/div>\n\t\t\t\t<\/div>\n\t\t<div class=\"elementor-element elementor-element-c362188 e-con-full e-flex e-con e-child\" data-id=\"c362188\" data-element_type=\"container\">\n\t\t\t\t<div class=\"elementor-element elementor-element-ec2ef96 elementor-widget__width-initial elementor-widget elementor-widget-image\" data-id=\"ec2ef96\" data-element_type=\"widget\" data-widget_type=\"image.default\">\n\t\t\t\t<div class=\"elementor-widget-container\">\n\t\t\t\t\t\t\t\t\t\t\t\t\t\t\t<img fetchpriority=\"high\" decoding=\"async\" width=\"1920\" height=\"2342\" src=\"https:\/\/agoracisnadioara.ro\/wp-content\/uploads\/2025\/11\/IMG_7395-scaled-e1762025121398.jpg\" class=\"attachment-full size-full wp-image-3027\" alt=\"\" srcset=\"https:\/\/agoracisnadioara.ro\/wp-content\/uploads\/2025\/11\/IMG_7395-scaled-e1762025121398.jpg 1920w, https:\/\/agoracisnadioara.ro\/wp-content\/uploads\/2025\/11\/IMG_7395-scaled-e1762025121398-246x300.jpg 246w, https:\/\/agoracisnadioara.ro\/wp-content\/uploads\/2025\/11\/IMG_7395-scaled-e1762025121398-839x1024.jpg 839w, https:\/\/agoracisnadioara.ro\/wp-content\/uploads\/2025\/11\/IMG_7395-scaled-e1762025121398-768x937.jpg 768w, https:\/\/agoracisnadioara.ro\/wp-content\/uploads\/2025\/11\/IMG_7395-scaled-e1762025121398-1259x1536.jpg 1259w, https:\/\/agoracisnadioara.ro\/wp-content\/uploads\/2025\/11\/IMG_7395-scaled-e1762025121398-1679x2048.jpg 1679w\" sizes=\"(max-width: 1920px) 100vw, 1920px\" \/>\t\t\t\t\t\t\t\t\t\t\t\t\t\t\t<\/div>\n\t\t\t\t<\/div>\n\t\t\t\t<\/div>\n\t\t\t\t\t<\/div>\n\t\t\t\t<\/div>\n\t\t<div class=\"elementor-element elementor-element-91aba63 e-flex e-con-boxed e-con e-parent\" data-id=\"91aba63\" data-element_type=\"container\" data-settings=\"{&quot;background_background&quot;:&quot;classic&quot;}\">\n\t\t\t\t\t<div class=\"e-con-inner\">\n\t\t<div class=\"elementor-element elementor-element-cc47dae e-con-full e-flex e-con e-child\" data-id=\"cc47dae\" data-element_type=\"container\">\n\t\t\t\t<div class=\"elementor-element elementor-element-9f45839 elementor-widget elementor-widget-heading\" data-id=\"9f45839\" data-element_type=\"widget\" data-widget_type=\"heading.default\">\n\t\t\t\t<div class=\"elementor-widget-container\">\n\t\t\t\t\t<h2 class=\"elementor-heading-title elementor-size-default\">Bibliothek Karin G\u00fcndisch<\/h2>\t\t\t\t<\/div>\n\t\t\t\t<\/div>\n\t\t\t\t<div class=\"elementor-element elementor-element-e817b0f elementor-widget elementor-widget-text-editor\" data-id=\"e817b0f\" data-element_type=\"widget\" data-widget_type=\"text-editor.default\">\n\t\t\t\t<div class=\"elementor-widget-container\">\n\t\t\t\t\t\t\t\t\t<p>Mit \u00fcber 1000 B\u00fcchern, vor allem f\u00fcr Kinder, in rum\u00e4nischer, englischer und deutscher Sprache, ist die Bibliothek w\u00e4hrend des Sommers am Wochenende f\u00fcr die \u00d6ffentlichkeit zug\u00e4nglich. Auf Anfrage ist sie auch f\u00fcr G\u00e4ste des Gasthauses Agora zug\u00e4nglich.&nbsp;<span style=\"font-style: inherit; font-weight: inherit;\">Die Bibliothek ist nach der Schriftstellerin Karin G\u00fcndisch benannt, die aus Michelsberg stammt und 1984 nach Deutschland ausgewandert ist. Heute lebt Karin G\u00fcndisch in Hamburg, verbringt aber die Sommermonate bei uns in Michelsberg.<\/span><\/p>\t\t\t\t\t\t\t\t<\/div>\n\t\t\t\t<\/div>\n\t\t\t\t<\/div>\n\t\t<div class=\"elementor-element elementor-element-1162868 e-con-full e-flex e-con e-child\" data-id=\"1162868\" data-element_type=\"container\">\n\t\t\t\t<div class=\"elementor-element elementor-element-c152773 elementor-widget elementor-widget-image\" data-id=\"c152773\" data-element_type=\"widget\" data-widget_type=\"image.default\">\n\t\t\t\t<div class=\"elementor-widget-container\">\n\t\t\t\t\t\t\t\t\t\t\t\t\t\t\t<img decoding=\"async\" width=\"1964\" height=\"2560\" src=\"https:\/\/agoracisnadioara.ro\/wp-content\/uploads\/2025\/11\/IMG_6579-2-scaled.jpg\" class=\"attachment-full size-full wp-image-3021\" alt=\"\" srcset=\"https:\/\/agoracisnadioara.ro\/wp-content\/uploads\/2025\/11\/IMG_6579-2-scaled.jpg 1964w, https:\/\/agoracisnadioara.ro\/wp-content\/uploads\/2025\/11\/IMG_6579-2-230x300.jpg 230w, https:\/\/agoracisnadioara.ro\/wp-content\/uploads\/2025\/11\/IMG_6579-2-786x1024.jpg 786w, https:\/\/agoracisnadioara.ro\/wp-content\/uploads\/2025\/11\/IMG_6579-2-768x1001.jpg 768w, https:\/\/agoracisnadioara.ro\/wp-content\/uploads\/2025\/11\/IMG_6579-2-1179x1536.jpg 1179w, https:\/\/agoracisnadioara.ro\/wp-content\/uploads\/2025\/11\/IMG_6579-2-1571x2048.jpg 1571w\" sizes=\"(max-width: 1964px) 100vw, 1964px\" \/>\t\t\t\t\t\t\t\t\t\t\t\t\t\t\t<\/div>\n\t\t\t\t<\/div>\n\t\t\t\t<\/div>\n\t\t\t\t\t<\/div>\n\t\t\t\t<\/div>\n\t\t\t\t<\/div>","protected":false},"excerpt":{"rendered":"<p>Col\u021bul de Cultur\u0103 Cisn\u0103dioara Inspirat din istoria \u0219i vechimea locurilor, Col\u021bul de cultur\u0103 Cisn\u0103dioara interogheaz\u0103 prezentul. Spa\u021biul de reflec\u021bie Colt\u0326ul de Cultura\u0306 Cisna\u0306dioara propune spre reflect\u0326ie opera s\u0326i viat\u0326a unor teologi, scriitori sau artis\u0326ti, cu o contribut\u0326ie formativa\u0306 except\u0326ionala\u0306 i\u0302n viet\u0326ile oamenilor de pretutindeni. Anul 2026 este consacrat scriitorului evreu Elie Wiesel, laureat al Premiului [&hellip;]<\/p>","protected":false},"author":1,"featured_media":0,"parent":2034,"menu_order":0,"comment_status":"closed","ping_status":"closed","template":"","meta":{"_uag_custom_page_level_css":"","site-sidebar-layout":"no-sidebar","site-content-layout":"page-builder","ast-site-content-layout":"default","site-content-style":"default","site-sidebar-style":"default","ast-global-header-display":"","ast-banner-title-visibility":"","ast-main-header-display":"","ast-hfb-above-header-display":"","ast-hfb-below-header-display":"","ast-hfb-mobile-header-display":"","site-post-title":"disabled","ast-breadcrumbs-content":"","ast-featured-img":"","footer-sml-layout":"","theme-transparent-header-meta":"default","adv-header-id-meta":"","stick-header-meta":"","header-above-stick-meta":"","header-main-stick-meta":"","header-below-stick-meta":"","astra-migrate-meta-layouts":"default","ast-page-background-enabled":"default","ast-page-background-meta":{"desktop":{"background-color":"var(--ast-global-color-4)","background-image":"","background-repeat":"repeat","background-position":"center center","background-size":"auto","background-attachment":"scroll","background-type":"","background-media":"","overlay-type":"","overlay-color":"","overlay-opacity":"","overlay-gradient":""},"tablet":{"background-color":"","background-image":"","background-repeat":"repeat","background-position":"center center","background-size":"auto","background-attachment":"scroll","background-type":"","background-media":"","overlay-type":"","overlay-color":"","overlay-opacity":"","overlay-gradient":""},"mobile":{"background-color":"","background-image":"","background-repeat":"repeat","background-position":"center center","background-size":"auto","background-attachment":"scroll","background-type":"","background-media":"","overlay-type":"","overlay-color":"","overlay-opacity":"","overlay-gradient":""}},"ast-content-background-meta":{"desktop":{"background-color":"var(--ast-global-color-5)","background-image":"","background-repeat":"repeat","background-position":"center center","background-size":"auto","background-attachment":"scroll","background-type":"","background-media":"","overlay-type":"","overlay-color":"","overlay-opacity":"","overlay-gradient":""},"tablet":{"background-color":"var(--ast-global-color-5)","background-image":"","background-repeat":"repeat","background-position":"center center","background-size":"auto","background-attachment":"scroll","background-type":"","background-media":"","overlay-type":"","overlay-color":"","overlay-opacity":"","overlay-gradient":""},"mobile":{"background-color":"var(--ast-global-color-5)","background-image":"","background-repeat":"repeat","background-position":"center center","background-size":"auto","background-attachment":"scroll","background-type":"","background-media":"","overlay-type":"","overlay-color":"","overlay-opacity":"","overlay-gradient":""}},"footnotes":""},"class_list":["post-2753","page","type-page","status-publish","hentry"],"yoast_head":"<!-- This site is optimized with the Yoast SEO plugin v27.0 - https:\/\/yoast.com\/product\/yoast-seo-wordpress\/ -->\n<title>Col\u021bul de Cultur\u0103 Cisn\u0103dioara - Ansamblul Agora Cisn\u0103dioara<\/title>\n<meta name=\"robots\" content=\"index, follow, max-snippet:-1, max-image-preview:large, max-video-preview:-1\" \/>\n<link rel=\"canonical\" href=\"https:\/\/agoracisnadioara.ro\/de\/cultural\/coltul-de-cultura\/\" \/>\n<meta property=\"og:locale\" content=\"de_DE\" \/>\n<meta property=\"og:type\" content=\"article\" \/>\n<meta property=\"og:title\" content=\"Col\u021bul de Cultur\u0103 Cisn\u0103dioara - Ansamblul Agora Cisn\u0103dioara\" \/>\n<meta property=\"og:description\" content=\"Col\u021bul de Cultur\u0103 Cisn\u0103dioara Inspirat din istoria \u0219i vechimea locurilor, Col\u021bul de cultur\u0103 Cisn\u0103dioara interogheaz\u0103 prezentul. Spa\u021biul de reflec\u021bie Colt\u0326ul de Cultura\u0306 Cisna\u0306dioara propune spre reflect\u0326ie opera s\u0326i viat\u0326a unor teologi, scriitori sau artis\u0326ti, cu o contribut\u0326ie formativa\u0306 except\u0326ionala\u0306 i\u0302n viet\u0326ile oamenilor de pretutindeni. Anul 2026 este consacrat scriitorului evreu Elie Wiesel, laureat al Premiului [&hellip;]\" \/>\n<meta property=\"og:url\" content=\"https:\/\/agoracisnadioara.ro\/de\/cultural\/coltul-de-cultura\/\" \/>\n<meta property=\"og:site_name\" content=\"Ansamblul Agora Cisn\u0103dioara\" \/>\n<meta property=\"article:publisher\" content=\"https:\/\/www.facebook.com\/AgoraCisnadioara\/\" \/>\n<meta property=\"article:modified_time\" content=\"2025-11-02T15:07:39+00:00\" \/>\n<meta property=\"og:image\" content=\"https:\/\/agoracisnadioara.ro\/wp-content\/uploads\/2025\/11\/IMG_7395-scaled-e1762025121398.jpg\" \/>\n\t<meta property=\"og:image:width\" content=\"1920\" \/>\n\t<meta property=\"og:image:height\" content=\"2342\" \/>\n\t<meta property=\"og:image:type\" content=\"image\/jpeg\" \/>\n<meta name=\"twitter:card\" content=\"summary_large_image\" \/>\n<meta name=\"twitter:label1\" content=\"Gesch\u00e4tzte Lesezeit\" \/>\n\t<meta name=\"twitter:data1\" content=\"2\u00a0Minuten\" \/>\n<script type=\"application\/ld+json\" class=\"yoast-schema-graph\">{\"@context\":\"https:\/\/schema.org\",\"@graph\":[{\"@type\":\"WebPage\",\"@id\":\"https:\/\/agoracisnadioara.ro\/cultural\/coltul-de-cultura\/\",\"url\":\"https:\/\/agoracisnadioara.ro\/cultural\/coltul-de-cultura\/\",\"name\":\"Col\u021bul de Cultur\u0103 Cisn\u0103dioara - Ansamblul Agora Cisn\u0103dioara\",\"isPartOf\":{\"@id\":\"https:\/\/agoracisnadioara.ro\/#website\"},\"primaryImageOfPage\":{\"@id\":\"https:\/\/agoracisnadioara.ro\/cultural\/coltul-de-cultura\/#primaryimage\"},\"image\":{\"@id\":\"https:\/\/agoracisnadioara.ro\/cultural\/coltul-de-cultura\/#primaryimage\"},\"thumbnailUrl\":\"https:\/\/agoracisnadioara.ro\/wp-content\/uploads\/2025\/11\/IMG_7395-scaled-e1762025121398.jpg\",\"datePublished\":\"2025-10-27T15:57:23+00:00\",\"dateModified\":\"2025-11-02T15:07:39+00:00\",\"breadcrumb\":{\"@id\":\"https:\/\/agoracisnadioara.ro\/cultural\/coltul-de-cultura\/#breadcrumb\"},\"inLanguage\":\"de\",\"potentialAction\":[{\"@type\":\"ReadAction\",\"target\":[\"https:\/\/agoracisnadioara.ro\/cultural\/coltul-de-cultura\/\"]}]},{\"@type\":\"ImageObject\",\"inLanguage\":\"de\",\"@id\":\"https:\/\/agoracisnadioara.ro\/cultural\/coltul-de-cultura\/#primaryimage\",\"url\":\"https:\/\/agoracisnadioara.ro\/wp-content\/uploads\/2025\/11\/IMG_7395-scaled-e1762025121398.jpg\",\"contentUrl\":\"https:\/\/agoracisnadioara.ro\/wp-content\/uploads\/2025\/11\/IMG_7395-scaled-e1762025121398.jpg\"},{\"@type\":\"BreadcrumbList\",\"@id\":\"https:\/\/agoracisnadioara.ro\/cultural\/coltul-de-cultura\/#breadcrumb\",\"itemListElement\":[{\"@type\":\"ListItem\",\"position\":1,\"name\":\"Prima pagin\u0103\",\"item\":\"https:\/\/agoracisnadioara.ro\/\"},{\"@type\":\"ListItem\",\"position\":2,\"name\":\"Cultural\",\"item\":\"https:\/\/agoracisnadioara.ro\/cultural\/\"},{\"@type\":\"ListItem\",\"position\":3,\"name\":\"Col\u021bul de Cultur\u0103 Cisn\u0103dioara\"}]},{\"@type\":\"WebSite\",\"@id\":\"https:\/\/agoracisnadioara.ro\/#website\",\"url\":\"https:\/\/agoracisnadioara.ro\/\",\"name\":\"Ansamblul Agora Cisn\u0103dioara\",\"description\":\"Oriunde mergi, g\u0103se\u0219ti BINELE!\",\"publisher\":{\"@id\":\"https:\/\/agoracisnadioara.ro\/#organization\"},\"potentialAction\":[{\"@type\":\"SearchAction\",\"target\":{\"@type\":\"EntryPoint\",\"urlTemplate\":\"https:\/\/agoracisnadioara.ro\/?s={search_term_string}\"},\"query-input\":{\"@type\":\"PropertyValueSpecification\",\"valueRequired\":true,\"valueName\":\"search_term_string\"}}],\"inLanguage\":\"de\"},{\"@type\":\"Organization\",\"@id\":\"https:\/\/agoracisnadioara.ro\/#organization\",\"name\":\"Ansamblul Agora Cisn\u0103dioara\",\"url\":\"https:\/\/agoracisnadioara.ro\/\",\"logo\":{\"@type\":\"ImageObject\",\"inLanguage\":\"de\",\"@id\":\"https:\/\/agoracisnadioara.ro\/#\/schema\/logo\/image\/\",\"url\":\"https:\/\/agoracisnadioara.ro\/wp-content\/uploads\/2023\/11\/color-extra.png\",\"contentUrl\":\"https:\/\/agoracisnadioara.ro\/wp-content\/uploads\/2023\/11\/color-extra.png\",\"width\":135,\"height\":171,\"caption\":\"Ansamblul Agora Cisn\u0103dioara\"},\"image\":{\"@id\":\"https:\/\/agoracisnadioara.ro\/#\/schema\/logo\/image\/\"},\"sameAs\":[\"https:\/\/www.facebook.com\/AgoraCisnadioara\/\"]}]}<\/script>\n<!-- \/ Yoast SEO plugin. -->","yoast_head_json":{"title":"Col\u021bul de Cultur\u0103 Cisn\u0103dioara - Ansamblul Agora Cisn\u0103dioara","robots":{"index":"index","follow":"follow","max-snippet":"max-snippet:-1","max-image-preview":"max-image-preview:large","max-video-preview":"max-video-preview:-1"},"canonical":"https:\/\/agoracisnadioara.ro\/de\/cultural\/coltul-de-cultura\/","og_locale":"de_DE","og_type":"article","og_title":"Col\u021bul de Cultur\u0103 Cisn\u0103dioara - Ansamblul Agora Cisn\u0103dioara","og_description":"Col\u021bul de Cultur\u0103 Cisn\u0103dioara Inspirat din istoria \u0219i vechimea locurilor, Col\u021bul de cultur\u0103 Cisn\u0103dioara interogheaz\u0103 prezentul. Spa\u021biul de reflec\u021bie Colt\u0326ul de Cultura\u0306 Cisna\u0306dioara propune spre reflect\u0326ie opera s\u0326i viat\u0326a unor teologi, scriitori sau artis\u0326ti, cu o contribut\u0326ie formativa\u0306 except\u0326ionala\u0306 i\u0302n viet\u0326ile oamenilor de pretutindeni. Anul 2026 este consacrat scriitorului evreu Elie Wiesel, laureat al Premiului [&hellip;]","og_url":"https:\/\/agoracisnadioara.ro\/de\/cultural\/coltul-de-cultura\/","og_site_name":"Ansamblul Agora Cisn\u0103dioara","article_publisher":"https:\/\/www.facebook.com\/AgoraCisnadioara\/","article_modified_time":"2025-11-02T15:07:39+00:00","og_image":[{"width":1920,"height":2342,"url":"https:\/\/agoracisnadioara.ro\/wp-content\/uploads\/2025\/11\/IMG_7395-scaled-e1762025121398.jpg","type":"image\/jpeg"}],"twitter_card":"summary_large_image","twitter_misc":{"Gesch\u00e4tzte Lesezeit":"2\u00a0Minuten"},"schema":{"@context":"https:\/\/schema.org","@graph":[{"@type":"WebPage","@id":"https:\/\/agoracisnadioara.ro\/cultural\/coltul-de-cultura\/","url":"https:\/\/agoracisnadioara.ro\/cultural\/coltul-de-cultura\/","name":"Col\u021bul de Cultur\u0103 Cisn\u0103dioara - Ansamblul Agora Cisn\u0103dioara","isPartOf":{"@id":"https:\/\/agoracisnadioara.ro\/#website"},"primaryImageOfPage":{"@id":"https:\/\/agoracisnadioara.ro\/cultural\/coltul-de-cultura\/#primaryimage"},"image":{"@id":"https:\/\/agoracisnadioara.ro\/cultural\/coltul-de-cultura\/#primaryimage"},"thumbnailUrl":"https:\/\/agoracisnadioara.ro\/wp-content\/uploads\/2025\/11\/IMG_7395-scaled-e1762025121398.jpg","datePublished":"2025-10-27T15:57:23+00:00","dateModified":"2025-11-02T15:07:39+00:00","breadcrumb":{"@id":"https:\/\/agoracisnadioara.ro\/cultural\/coltul-de-cultura\/#breadcrumb"},"inLanguage":"de","potentialAction":[{"@type":"ReadAction","target":["https:\/\/agoracisnadioara.ro\/cultural\/coltul-de-cultura\/"]}]},{"@type":"ImageObject","inLanguage":"de","@id":"https:\/\/agoracisnadioara.ro\/cultural\/coltul-de-cultura\/#primaryimage","url":"https:\/\/agoracisnadioara.ro\/wp-content\/uploads\/2025\/11\/IMG_7395-scaled-e1762025121398.jpg","contentUrl":"https:\/\/agoracisnadioara.ro\/wp-content\/uploads\/2025\/11\/IMG_7395-scaled-e1762025121398.jpg"},{"@type":"BreadcrumbList","@id":"https:\/\/agoracisnadioara.ro\/cultural\/coltul-de-cultura\/#breadcrumb","itemListElement":[{"@type":"ListItem","position":1,"name":"Prima pagin\u0103","item":"https:\/\/agoracisnadioara.ro\/"},{"@type":"ListItem","position":2,"name":"Cultural","item":"https:\/\/agoracisnadioara.ro\/cultural\/"},{"@type":"ListItem","position":3,"name":"Col\u021bul de Cultur\u0103 Cisn\u0103dioara"}]},{"@type":"WebSite","@id":"https:\/\/agoracisnadioara.ro\/#website","url":"https:\/\/agoracisnadioara.ro\/","name":"Ansamblul Agora Cisn\u0103dioara","description":"Oriunde mergi, g\u0103se\u0219ti BINELE!","publisher":{"@id":"https:\/\/agoracisnadioara.ro\/#organization"},"potentialAction":[{"@type":"SearchAction","target":{"@type":"EntryPoint","urlTemplate":"https:\/\/agoracisnadioara.ro\/?s={search_term_string}"},"query-input":{"@type":"PropertyValueSpecification","valueRequired":true,"valueName":"search_term_string"}}],"inLanguage":"de"},{"@type":"Organization","@id":"https:\/\/agoracisnadioara.ro\/#organization","name":"Ansamblul Agora Cisn\u0103dioara","url":"https:\/\/agoracisnadioara.ro\/","logo":{"@type":"ImageObject","inLanguage":"de","@id":"https:\/\/agoracisnadioara.ro\/#\/schema\/logo\/image\/","url":"https:\/\/agoracisnadioara.ro\/wp-content\/uploads\/2023\/11\/color-extra.png","contentUrl":"https:\/\/agoracisnadioara.ro\/wp-content\/uploads\/2023\/11\/color-extra.png","width":135,"height":171,"caption":"Ansamblul Agora Cisn\u0103dioara"},"image":{"@id":"https:\/\/agoracisnadioara.ro\/#\/schema\/logo\/image\/"},"sameAs":["https:\/\/www.facebook.com\/AgoraCisnadioara\/"]}]}},"uagb_featured_image_src":{"full":false,"thumbnail":false,"medium":false,"medium_large":false,"large":false,"1536x1536":false,"2048x2048":false,"trp-custom-language-flag":false},"uagb_author_info":{"display_name":"Diana","author_link":"https:\/\/agoracisnadioara.ro\/de\/author\/diana\/"},"uagb_comment_info":0,"uagb_excerpt":"Col\u021bul de Cultur\u0103 Cisn\u0103dioara Inspirat din istoria \u0219i vechimea locurilor, Col\u021bul de cultur\u0103 Cisn\u0103dioara interogheaz\u0103 prezentul. Spa\u021biul de reflec\u021bie Colt\u0326ul de Cultura\u0306 Cisna\u0306dioara propune spre reflect\u0326ie opera s\u0326i viat\u0326a unor teologi, scriitori sau artis\u0326ti, cu o contribut\u0326ie formativa\u0306 except\u0326ionala\u0306 i\u0302n viet\u0326ile oamenilor de pretutindeni. Anul 2026 este consacrat scriitorului evreu Elie Wiesel, laureat al Premiului&hellip;","_links":{"self":[{"href":"https:\/\/agoracisnadioara.ro\/de\/wp-json\/wp\/v2\/pages\/2753","targetHints":{"allow":["GET"]}}],"collection":[{"href":"https:\/\/agoracisnadioara.ro\/de\/wp-json\/wp\/v2\/pages"}],"about":[{"href":"https:\/\/agoracisnadioara.ro\/de\/wp-json\/wp\/v2\/types\/page"}],"author":[{"embeddable":true,"href":"https:\/\/agoracisnadioara.ro\/de\/wp-json\/wp\/v2\/users\/1"}],"replies":[{"embeddable":true,"href":"https:\/\/agoracisnadioara.ro\/de\/wp-json\/wp\/v2\/comments?post=2753"}],"version-history":[{"count":13,"href":"https:\/\/agoracisnadioara.ro\/de\/wp-json\/wp\/v2\/pages\/2753\/revisions"}],"predecessor-version":[{"id":3109,"href":"https:\/\/agoracisnadioara.ro\/de\/wp-json\/wp\/v2\/pages\/2753\/revisions\/3109"}],"up":[{"embeddable":true,"href":"https:\/\/agoracisnadioara.ro\/de\/wp-json\/wp\/v2\/pages\/2034"}],"wp:attachment":[{"href":"https:\/\/agoracisnadioara.ro\/de\/wp-json\/wp\/v2\/media?parent=2753"}],"curies":[{"name":"wp","href":"https:\/\/api.w.org\/{rel}","templated":true}]}}